{"id":1796,"date":"2026-03-30T13:21:26","date_gmt":"2026-03-30T13:21:26","guid":{"rendered":"https:\/\/awpm.pt\/?page_id=1796"},"modified":"2026-04-08T22:13:38","modified_gmt":"2026-04-08T22:13:38","slug":"formacao","status":"publish","type":"page","link":"https:\/\/awpm.pt\/en\/formacao\/","title":{"rendered":"Teacher training"},"content":{"rendered":"<div class=\"is-layout-flex wp-container-4 wp-block-columns\">\n<div class=\"is-layout-flow wp-block-column\" style=\"flex-basis:33.33%\">\n<figure class=\"wp-block-image size-large\"><img decoding=\"async\" width=\"717\" height=\"1024\" src=\"https:\/\/awpm.pt\/wp-content\/uploads\/2026\/03\/658313429_1397900939047155_4511006788084966245_n-1-717x1024.jpg\" alt=\"\" class=\"wp-image-1830\" srcset=\"https:\/\/awpm.pt\/wp-content\/uploads\/2026\/03\/658313429_1397900939047155_4511006788084966245_n-1-717x1024.jpg 717w, https:\/\/awpm.pt\/wp-content\/uploads\/2026\/03\/658313429_1397900939047155_4511006788084966245_n-1-210x300.jpg 210w, https:\/\/awpm.pt\/wp-content\/uploads\/2026\/03\/658313429_1397900939047155_4511006788084966245_n-1-768x1097.jpg 768w, https:\/\/awpm.pt\/wp-content\/uploads\/2026\/03\/658313429_1397900939047155_4511006788084966245_n-1-8x12.jpg 8w, https:\/\/awpm.pt\/wp-content\/uploads\/2026\/03\/658313429_1397900939047155_4511006788084966245_n-1-600x857.jpg 600w, https:\/\/awpm.pt\/wp-content\/uploads\/2026\/03\/658313429_1397900939047155_4511006788084966245_n-1.jpg 794w\" sizes=\"(max-width: 717px) 100vw, 717px\" \/><\/figure>\n<\/div>\n\n\n\n<div class=\"is-layout-flow wp-block-column\" style=\"flex-basis:66.66%\">\n<h2><strong>NOVIDADE<\/strong><\/h2>\n\n\n\n<p>DAN\u00c7AS TRADICIONAIS PORTUGUESAS &#8211; 18 abril, 10.00-17.30<br>A\u00e7\u00e3o de forma\u00e7\u00e3o de curta dura\u00e7\u00e3o presencial, por Diana Azevedo<\/p>\n\n\n\n<p>Grupos docentes 250, 610, M 01-32, D01, 260, 620, 100, 110, 150, 160.<br>professores da AEC M\u00fasica, animadores musicais<br>Inscri\u00e7\u00f5es at\u00e9 15 de abril em<\/p>\n\n\n\n<div class=\"is-layout-flex wp-block-buttons\">\n<div class=\"wp-block-button\"><a class=\"wp-block-button__link wp-element-button\" href=\"https:\/\/awpm.pt\/en\/pagina-de-inscricao\/\">Inscrever<\/a><\/div>\n<\/div>\n<\/div>\n<\/div>\n\n\n\n<div class=\"is-layout-flex wp-container-10 wp-block-columns\">\n<div class=\"is-layout-flow wp-block-column\">\n<figure class=\"wp-block-image size-large\"><img decoding=\"async\" width=\"724\" height=\"1024\" src=\"https:\/\/awpm.pt\/wp-content\/uploads\/2026\/03\/Acao-de-Formacao_Professores_compositores-2-1000x1415-1-724x1024.jpg\" alt=\"\" class=\"wp-image-1799\" srcset=\"https:\/\/awpm.pt\/wp-content\/uploads\/2026\/03\/Acao-de-Formacao_Professores_compositores-2-1000x1415-1-724x1024.jpg 724w, https:\/\/awpm.pt\/wp-content\/uploads\/2026\/03\/Acao-de-Formacao_Professores_compositores-2-1000x1415-1-212x300.jpg 212w, https:\/\/awpm.pt\/wp-content\/uploads\/2026\/03\/Acao-de-Formacao_Professores_compositores-2-1000x1415-1-768x1087.jpg 768w, https:\/\/awpm.pt\/wp-content\/uploads\/2026\/03\/Acao-de-Formacao_Professores_compositores-2-1000x1415-1-8x12.jpg 8w, https:\/\/awpm.pt\/wp-content\/uploads\/2026\/03\/Acao-de-Formacao_Professores_compositores-2-1000x1415-1-600x849.jpg 600w, https:\/\/awpm.pt\/wp-content\/uploads\/2026\/03\/Acao-de-Formacao_Professores_compositores-2-1000x1415-1.jpg 1000w\" sizes=\"(max-width: 724px) 100vw, 724px\" \/><\/figure>\n\n\n\n<h3>PROFESORES COMPOSITORES  &#8211; Arranjos de ensino da m\u00fasica &#8211; A\u00e7\u00e3o Presencial Certificada de Curta Dura\u00e7\u00e3o &#8211; ESE Polit\u00e9cnico do Porto<\/h3>\n\n\n\n<div class=\"is-layout-flex wp-block-buttons\"><\/div>\n<\/div>\n\n\n\n<div class=\"is-layout-flow wp-block-column\">\n<figure class=\"wp-block-image size-large\"><img decoding=\"async\" width=\"724\" height=\"1024\" src=\"https:\/\/awpm.pt\/wp-content\/uploads\/2026\/01\/Acao-de-Formacao_Ped-Wuytack-Escola_Fev-2026-4-724x1024.jpg\" alt=\"\" class=\"wp-image-1674\" srcset=\"https:\/\/awpm.pt\/wp-content\/uploads\/2026\/01\/Acao-de-Formacao_Ped-Wuytack-Escola_Fev-2026-4-724x1024.jpg 724w, https:\/\/awpm.pt\/wp-content\/uploads\/2026\/01\/Acao-de-Formacao_Ped-Wuytack-Escola_Fev-2026-4-212x300.jpg 212w, https:\/\/awpm.pt\/wp-content\/uploads\/2026\/01\/Acao-de-Formacao_Ped-Wuytack-Escola_Fev-2026-4-768x1087.jpg 768w, https:\/\/awpm.pt\/wp-content\/uploads\/2026\/01\/Acao-de-Formacao_Ped-Wuytack-Escola_Fev-2026-4-1086x1536.jpg 1086w, https:\/\/awpm.pt\/wp-content\/uploads\/2026\/01\/Acao-de-Formacao_Ped-Wuytack-Escola_Fev-2026-4-1448x2048.jpg 1448w, https:\/\/awpm.pt\/wp-content\/uploads\/2026\/01\/Acao-de-Formacao_Ped-Wuytack-Escola_Fev-2026-4-8x12.jpg 8w, https:\/\/awpm.pt\/wp-content\/uploads\/2026\/01\/Acao-de-Formacao_Ped-Wuytack-Escola_Fev-2026-4-1280x1811.jpg 1280w, https:\/\/awpm.pt\/wp-content\/uploads\/2026\/01\/Acao-de-Formacao_Ped-Wuytack-Escola_Fev-2026-4-1000x1415.jpg 1000w, https:\/\/awpm.pt\/wp-content\/uploads\/2026\/01\/Acao-de-Formacao_Ped-Wuytack-Escola_Fev-2026-4-600x849.jpg 600w, https:\/\/awpm.pt\/wp-content\/uploads\/2026\/01\/Acao-de-Formacao_Ped-Wuytack-Escola_Fev-2026-4-scaled.jpg 1809w\" sizes=\"(max-width: 724px) 100vw, 724px\" \/><\/figure>\n\n\n\n<h3>PEDAGOGIA WUYTACK NO MEIO DA ESCOLA, on line 3 e 5 de fevereiro 2026 18:30- 21:30<br>Pedro Filipe Cunha, Docentes dos Grupos 250, 610, M26, M28, M32, 100, 110, 150, professores da AEC M\u00fasica, animadores culturais<\/h3>\n<\/div>\n\n\n\n<div class=\"is-layout-flow wp-block-column\">\n<figure class=\"wp-block-image size-large\"><img decoding=\"async\" width=\"717\" height=\"1024\" src=\"https:\/\/awpm.pt\/wp-content\/uploads\/2025\/10\/Acao-Cantar-o-Natal_25Nov_2025-717x1024.jpg\" alt=\"\" class=\"wp-image-1602\" srcset=\"https:\/\/awpm.pt\/wp-content\/uploads\/2025\/10\/Acao-Cantar-o-Natal_25Nov_2025-717x1024.jpg 717w, https:\/\/awpm.pt\/wp-content\/uploads\/2025\/10\/Acao-Cantar-o-Natal_25Nov_2025-210x300.jpg 210w, https:\/\/awpm.pt\/wp-content\/uploads\/2025\/10\/Acao-Cantar-o-Natal_25Nov_2025-768x1097.jpg 768w, https:\/\/awpm.pt\/wp-content\/uploads\/2025\/10\/Acao-Cantar-o-Natal_25Nov_2025-8x12.jpg 8w, https:\/\/awpm.pt\/wp-content\/uploads\/2025\/10\/Acao-Cantar-o-Natal_25Nov_2025-600x857.jpg 600w, https:\/\/awpm.pt\/wp-content\/uploads\/2025\/10\/Acao-Cantar-o-Natal_25Nov_2025.jpg 794w\" sizes=\"(max-width: 717px) 100vw, 717px\" \/><\/figure>\n\n\n\n<h3>CANTAR O NATAL, A\u00e7\u00e3o de Forma\u00e7\u00e3o Certificada, Docentes dos Grupos 250, 610, M26, M28,M32, 100, 110, 150, C\u00e2ndida Oliveira e Gra\u00e7a Boal Palheiros, 25 Novembro 2025 18.00 \u2013 21.00 (online)<\/h3>\n<\/div>\n\n\n\n<div class=\"is-layout-flow wp-block-column\">\n<figure class=\"wp-block-image size-full\"><img decoding=\"async\" width=\"718\" height=\"945\" src=\"https:\/\/awpm.pt\/wp-content\/uploads\/2026\/03\/504379861_1171670731670178_6245120175833968684_n.jpg\" alt=\"\" class=\"wp-image-1822\" srcset=\"https:\/\/awpm.pt\/wp-content\/uploads\/2026\/03\/504379861_1171670731670178_6245120175833968684_n.jpg 718w, https:\/\/awpm.pt\/wp-content\/uploads\/2026\/03\/504379861_1171670731670178_6245120175833968684_n-228x300.jpg 228w, https:\/\/awpm.pt\/wp-content\/uploads\/2026\/03\/504379861_1171670731670178_6245120175833968684_n-9x12.jpg 9w, https:\/\/awpm.pt\/wp-content\/uploads\/2026\/03\/504379861_1171670731670178_6245120175833968684_n-600x790.jpg 600w\" sizes=\"(max-width: 718px) 100vw, 718px\" \/><\/figure>\n\n\n\n<h3>PEDAGOGIA MUSICAL 2, Helena Venda Lima e Gra\u00e7a Boal Palheiros, A\u00e7\u00e3o Creditada (12h) para docentes dos Grupos 250, 610, M 26, M 28, M 32, 100, 110, 150, Academia de M\u00fasica da Fortaleza de Valen\u00e7a, Valen\u00e7a, 8 e 9 de setembro 2025, 10.00-17.30<\/h3>\n<\/div>\n<\/div>\n\n\n\n<div class=\"is-layout-flex wp-container-15 wp-block-columns\">\n<div class=\"is-layout-flow wp-block-column\">\n<figure class=\"wp-block-image size-full\"><img decoding=\"async\" width=\"718\" height=\"945\" src=\"https:\/\/awpm.pt\/wp-content\/uploads\/2025\/01\/Acao-Pedagogia-Musical-2_-Santarem_3_4_Set-2025-1-2.jpg\" alt=\"\" class=\"wp-image-1576\" srcset=\"https:\/\/awpm.pt\/wp-content\/uploads\/2025\/01\/Acao-Pedagogia-Musical-2_-Santarem_3_4_Set-2025-1-2.jpg 718w, https:\/\/awpm.pt\/wp-content\/uploads\/2025\/01\/Acao-Pedagogia-Musical-2_-Santarem_3_4_Set-2025-1-2-228x300.jpg 228w, https:\/\/awpm.pt\/wp-content\/uploads\/2025\/01\/Acao-Pedagogia-Musical-2_-Santarem_3_4_Set-2025-1-2-9x12.jpg 9w, https:\/\/awpm.pt\/wp-content\/uploads\/2025\/01\/Acao-Pedagogia-Musical-2_-Santarem_3_4_Set-2025-1-2-600x790.jpg 600w\" sizes=\"(max-width: 718px) 100vw, 718px\" \/><\/figure>\n\n\n\n<h3>PEDAGOGIA MUSICAL 2, Helena Venda Lima e Gra\u00e7a Boal Palheiros, A\u00e7\u00e3o Creditada (12h) para docentes dos Grupos 250, 610, M 26, M 28, M 32, 100, 110, 150, Escola B\u00e1sica Alexandre Herculano, Santar\u00e9m, 3 e 4 de setembro 2025, 10.00-17.30<\/h3>\n<\/div>\n\n\n\n<div class=\"is-layout-flow wp-block-column\">\n<figure class=\"wp-block-image size-full\"><img decoding=\"async\" width=\"718\" height=\"945\" src=\"https:\/\/awpm.pt\/wp-content\/uploads\/2025\/04\/Acao-Pedagogia-Musical-2_-3-10-Maio-25.jpg\" alt=\"\" class=\"wp-image-1553\" srcset=\"https:\/\/awpm.pt\/wp-content\/uploads\/2025\/04\/Acao-Pedagogia-Musical-2_-3-10-Maio-25.jpg 718w, https:\/\/awpm.pt\/wp-content\/uploads\/2025\/04\/Acao-Pedagogia-Musical-2_-3-10-Maio-25-228x300.jpg 228w, https:\/\/awpm.pt\/wp-content\/uploads\/2025\/04\/Acao-Pedagogia-Musical-2_-3-10-Maio-25-9x12.jpg 9w, https:\/\/awpm.pt\/wp-content\/uploads\/2025\/04\/Acao-Pedagogia-Musical-2_-3-10-Maio-25-600x790.jpg 600w\" sizes=\"(max-width: 718px) 100vw, 718px\" \/><\/figure>\n\n\n\n<h3>PEDAGOGIA MUSICAL 2, Helena Venda Lima e Gra\u00e7a Boal Palheiros, A\u00e7\u00e3o Creditada (12h) para docentes dos Grupos 250, 610, M 26, M 28, M 32, 100, 110, 3 e 10 de maio 2025, 10.00-17.30, Escola Superior de Educa\u00e7\u00e3o, P. Porto<\/h3>\n<\/div>\n\n\n\n<div class=\"is-layout-flow wp-block-column\">\n<figure class=\"wp-block-image size-large\"><img decoding=\"async\" width=\"717\" height=\"1024\" src=\"https:\/\/awpm.pt\/wp-content\/uploads\/2026\/04\/490031065_1096870779150174_1583026986817294008_n-1-717x1024.jpg\" alt=\"\" class=\"wp-image-1888\" srcset=\"https:\/\/awpm.pt\/wp-content\/uploads\/2026\/04\/490031065_1096870779150174_1583026986817294008_n-1-717x1024.jpg 717w, https:\/\/awpm.pt\/wp-content\/uploads\/2026\/04\/490031065_1096870779150174_1583026986817294008_n-1-210x300.jpg 210w, https:\/\/awpm.pt\/wp-content\/uploads\/2026\/04\/490031065_1096870779150174_1583026986817294008_n-1-768x1097.jpg 768w, https:\/\/awpm.pt\/wp-content\/uploads\/2026\/04\/490031065_1096870779150174_1583026986817294008_n-1-8x12.jpg 8w, https:\/\/awpm.pt\/wp-content\/uploads\/2026\/04\/490031065_1096870779150174_1583026986817294008_n-1-600x857.jpg 600w, https:\/\/awpm.pt\/wp-content\/uploads\/2026\/04\/490031065_1096870779150174_1583026986817294008_n-1.jpg 794w\" sizes=\"(max-width: 717px) 100vw, 717px\" \/><\/figure>\n\n\n\n<p>DAN\u00c7AS EM DI\u00c1LOGO, 29 mar\u00e7o 2025, 10.00-17.30<\/p>\n\n\n\n<h3 id=\"block-f136b8f6-de6a-4912-b93e-91d610fac731\">A\u00e7\u00e3o de forma\u00e7\u00e3o de curta dura\u00e7\u00e3o certificada<br>Para Professores dos Grupos 100, 110, 150, 250, 610, M<\/h3>\n<\/div>\n\n\n\n<div class=\"is-layout-flow wp-block-column\">\n<figure class=\"wp-block-image size-large\"><img decoding=\"async\" width=\"717\" height=\"1024\" src=\"https:\/\/awpm.pt\/wp-content\/uploads\/2026\/04\/486703400_1088376816666237_1077582788131487471_n-1-717x1024.jpg\" alt=\"\" class=\"wp-image-1894\" srcset=\"https:\/\/awpm.pt\/wp-content\/uploads\/2026\/04\/486703400_1088376816666237_1077582788131487471_n-1-717x1024.jpg 717w, https:\/\/awpm.pt\/wp-content\/uploads\/2026\/04\/486703400_1088376816666237_1077582788131487471_n-1-210x300.jpg 210w, https:\/\/awpm.pt\/wp-content\/uploads\/2026\/04\/486703400_1088376816666237_1077582788131487471_n-1-768x1097.jpg 768w, https:\/\/awpm.pt\/wp-content\/uploads\/2026\/04\/486703400_1088376816666237_1077582788131487471_n-1-8x12.jpg 8w, https:\/\/awpm.pt\/wp-content\/uploads\/2026\/04\/486703400_1088376816666237_1077582788131487471_n-1-600x857.jpg 600w, https:\/\/awpm.pt\/wp-content\/uploads\/2026\/04\/486703400_1088376816666237_1077582788131487471_n-1.jpg 794w\" sizes=\"(max-width: 717px) 100vw, 717px\" \/><\/figure>\n\n\n\n<h3>CAN\u00c7\u00d5ES de MIMAR \u2013 29 janeiro online, 18.00-21.00<br>A\u00e7\u00e3o de Forma\u00e7\u00e3o de Curta Dura\u00e7\u00e3o certificada para os grupos 100, 110, 150, 250, 610, M<br>OFERTA do Livro e CD CAN\u00c7\u00d5ES de MIMAR<\/h3>\n<\/div>\n<\/div>\n\n\n\n<div class=\"is-layout-flex wp-container-20 wp-block-columns\">\n<div class=\"is-layout-flow wp-block-column\">\n<figure class=\"wp-block-image size-large\"><img decoding=\"async\" width=\"717\" height=\"1024\" src=\"https:\/\/awpm.pt\/wp-content\/uploads\/2024\/10\/Acao-Cantar-o-Natal_26Nov_2024-1-2-717x1024.jpg\" alt=\"\" class=\"wp-image-1291\" srcset=\"https:\/\/awpm.pt\/wp-content\/uploads\/2024\/10\/Acao-Cantar-o-Natal_26Nov_2024-1-2-717x1024.jpg 717w, https:\/\/awpm.pt\/wp-content\/uploads\/2024\/10\/Acao-Cantar-o-Natal_26Nov_2024-1-2-210x300.jpg 210w, https:\/\/awpm.pt\/wp-content\/uploads\/2024\/10\/Acao-Cantar-o-Natal_26Nov_2024-1-2-768x1097.jpg 768w, https:\/\/awpm.pt\/wp-content\/uploads\/2024\/10\/Acao-Cantar-o-Natal_26Nov_2024-1-2-8x12.jpg 8w, https:\/\/awpm.pt\/wp-content\/uploads\/2024\/10\/Acao-Cantar-o-Natal_26Nov_2024-1-2-600x857.jpg 600w, https:\/\/awpm.pt\/wp-content\/uploads\/2024\/10\/Acao-Cantar-o-Natal_26Nov_2024-1-2.jpg 794w\" sizes=\"(max-width: 717px) 100vw, 717px\" \/><\/figure>\n\n\n\n<h3>PROFESSORES COMPOSITORES, PEDAGOGIA WUYTACK NO MEIO DA ESCOLA, Mia Ducatteeuw<\/h3>\n<\/div>\n\n\n\n<div class=\"is-layout-flow wp-block-column\">\n<figure class=\"wp-block-image size-full\"><img decoding=\"async\" width=\"718\" height=\"945\" src=\"https:\/\/awpm.pt\/wp-content\/uploads\/2026\/03\/Acao-Pedagogia-Musical-1_-9-10-Set-24-1-1.jpg\" alt=\"\" class=\"wp-image-1836\" srcset=\"https:\/\/awpm.pt\/wp-content\/uploads\/2026\/03\/Acao-Pedagogia-Musical-1_-9-10-Set-24-1-1.jpg 718w, https:\/\/awpm.pt\/wp-content\/uploads\/2026\/03\/Acao-Pedagogia-Musical-1_-9-10-Set-24-1-1-228x300.jpg 228w, https:\/\/awpm.pt\/wp-content\/uploads\/2026\/03\/Acao-Pedagogia-Musical-1_-9-10-Set-24-1-1-9x12.jpg 9w, https:\/\/awpm.pt\/wp-content\/uploads\/2026\/03\/Acao-Pedagogia-Musical-1_-9-10-Set-24-1-1-600x790.jpg 600w\" sizes=\"(max-width: 718px) 100vw, 718px\" \/><\/figure>\n\n\n\n<h3>PEDAGOGIA MUSICAL 1, A\u00e7\u00e3o de Forma\u00e7\u00e3o Creditada (12 h), 9-10 de Setembro 2024, 10.30-17.30 A\u00e7\u00e3o creditada para progress\u00e3o na carreira docente<\/h3>\n<\/div>\n\n\n\n<div class=\"is-layout-flow wp-block-column\">\n<figure class=\"wp-block-image size-full\"><img decoding=\"async\" width=\"600\" height=\"790\" src=\"https:\/\/awpm.pt\/wp-content\/uploads\/2026\/03\/Acao-Pedagogia-Musical-1_-9-10-Set-24-1-1cdc.jpg\" alt=\"\" class=\"wp-image-1837\" srcset=\"https:\/\/awpm.pt\/wp-content\/uploads\/2026\/03\/Acao-Pedagogia-Musical-1_-9-10-Set-24-1-1cdc.jpg 600w, https:\/\/awpm.pt\/wp-content\/uploads\/2026\/03\/Acao-Pedagogia-Musical-1_-9-10-Set-24-1-1cdc-228x300.jpg 228w, https:\/\/awpm.pt\/wp-content\/uploads\/2026\/03\/Acao-Pedagogia-Musical-1_-9-10-Set-24-1-1cdc-9x12.jpg 9w\" sizes=\"(max-width: 600px) 100vw, 600px\" \/><\/figure>\n\n\n\n<h3>PEDAGOGIA MUSICAL 1, A\u00e7\u00e3o de Forma\u00e7\u00e3o Creditada (12 h), 8-9 julho 2024, 10.30-17.30<\/h3>\n<\/div>\n\n\n\n<div class=\"is-layout-flow wp-block-column\">\n<figure class=\"wp-block-image size-full\"><img decoding=\"async\" width=\"718\" height=\"945\" src=\"https:\/\/awpm.pt\/wp-content\/uploads\/2026\/04\/486517040_1083135277190391_3640469439476290411_n.jpg\" alt=\"\" class=\"wp-image-1897\" srcset=\"https:\/\/awpm.pt\/wp-content\/uploads\/2026\/04\/486517040_1083135277190391_3640469439476290411_n.jpg 718w, https:\/\/awpm.pt\/wp-content\/uploads\/2026\/04\/486517040_1083135277190391_3640469439476290411_n-228x300.jpg 228w, https:\/\/awpm.pt\/wp-content\/uploads\/2026\/04\/486517040_1083135277190391_3640469439476290411_n-9x12.jpg 9w, https:\/\/awpm.pt\/wp-content\/uploads\/2026\/04\/486517040_1083135277190391_3640469439476290411_n-600x790.jpg 600w\" sizes=\"(max-width: 718px) 100vw, 718px\" \/><\/figure>\n\n\n\n<h3>Can\u00e7\u00f5es e Dan\u00e7as Tradicionais Europeias &#8211; A\u00e7\u00e3o de forma\u00e7\u00e3o certificada 29 Maio 24, ESE P.Porto, 18.00-21.00 (presencial)<\/h3>\n<\/div>\n<\/div>\n\n\n\n<div class=\"is-layout-flex wp-container-25 wp-block-columns\">\n<div class=\"is-layout-flow wp-block-column\">\n<figure class=\"wp-block-image size-full\"><img decoding=\"async\" width=\"600\" height=\"849\" src=\"https:\/\/awpm.pt\/wp-content\/uploads\/2026\/03\/Soundpainting-workshop-2_page-0001-2-600x849-1.jpg\" alt=\"\" class=\"wp-image-1839\" srcset=\"https:\/\/awpm.pt\/wp-content\/uploads\/2026\/03\/Soundpainting-workshop-2_page-0001-2-600x849-1.jpg 600w, https:\/\/awpm.pt\/wp-content\/uploads\/2026\/03\/Soundpainting-workshop-2_page-0001-2-600x849-1-212x300.jpg 212w, https:\/\/awpm.pt\/wp-content\/uploads\/2026\/03\/Soundpainting-workshop-2_page-0001-2-600x849-1-8x12.jpg 8w\" sizes=\"(max-width: 600px) 100vw, 600px\" \/><\/figure>\n\n\n\n<h3>CAN\u00c7\u00d5ES E DAN\u00c7AS TRADICIONAIS EUROPEIAS, A\u00e7\u00e3o de Forma\u00e7\u00e3o Certificada (3h), 29 Maio 2024, 18.00-21.00<\/h3>\n<\/div>\n\n\n\n<div class=\"is-layout-flow wp-block-column\">\n<figure class=\"wp-block-image size-full\"><img decoding=\"async\" width=\"600\" height=\"857\" src=\"https:\/\/awpm.pt\/wp-content\/uploads\/2026\/03\/Acao-AudicaoMusicalAtiva-29JANEIRO24-5-600x857-1.png\" alt=\"\" class=\"wp-image-1840\" srcset=\"https:\/\/awpm.pt\/wp-content\/uploads\/2026\/03\/Acao-AudicaoMusicalAtiva-29JANEIRO24-5-600x857-1.png 600w, https:\/\/awpm.pt\/wp-content\/uploads\/2026\/03\/Acao-AudicaoMusicalAtiva-29JANEIRO24-5-600x857-1-210x300.png 210w, https:\/\/awpm.pt\/wp-content\/uploads\/2026\/03\/Acao-AudicaoMusicalAtiva-29JANEIRO24-5-600x857-1-8x12.png 8w\" sizes=\"(max-width: 600px) 100vw, 600px\" \/><\/figure>\n\n\n\n<h3>A\u00c7\u00c3O MUSICAL ATIVA, A\u00e7\u00e3o de Forma\u00e7\u00e3o 24 Janeiro 2024<\/h3>\n<\/div>\n\n\n\n<div class=\"is-layout-flow wp-block-column\">\n<figure class=\"wp-block-image size-full\"><img decoding=\"async\" width=\"600\" height=\"857\" src=\"https:\/\/awpm.pt\/wp-content\/uploads\/2026\/03\/Acao_Cantar-o-Natal_27Nov2023-1-600x857-1.jpg\" alt=\"\" class=\"wp-image-1841\" srcset=\"https:\/\/awpm.pt\/wp-content\/uploads\/2026\/03\/Acao_Cantar-o-Natal_27Nov2023-1-600x857-1.jpg 600w, https:\/\/awpm.pt\/wp-content\/uploads\/2026\/03\/Acao_Cantar-o-Natal_27Nov2023-1-600x857-1-210x300.jpg 210w, https:\/\/awpm.pt\/wp-content\/uploads\/2026\/03\/Acao_Cantar-o-Natal_27Nov2023-1-600x857-1-8x12.jpg 8w\" sizes=\"(max-width: 600px) 100vw, 600px\" \/><\/figure>\n\n\n\n<h3>CANTAR O NATAL, A\u00e7\u00e3o de Forma\u00e7\u00e3o 27 Novembro 2023<\/h3>\n<\/div>\n\n\n\n<div class=\"is-layout-flow wp-block-column\">\n<figure class=\"wp-block-image size-large\"><img decoding=\"async\" width=\"717\" height=\"1024\" src=\"https:\/\/awpm.pt\/wp-content\/uploads\/2026\/04\/481272757_1065810772256175_8433362238024482366_n-717x1024.jpg\" alt=\"\" class=\"wp-image-1898\" srcset=\"https:\/\/awpm.pt\/wp-content\/uploads\/2026\/04\/481272757_1065810772256175_8433362238024482366_n-717x1024.jpg 717w, https:\/\/awpm.pt\/wp-content\/uploads\/2026\/04\/481272757_1065810772256175_8433362238024482366_n-210x300.jpg 210w, https:\/\/awpm.pt\/wp-content\/uploads\/2026\/04\/481272757_1065810772256175_8433362238024482366_n-768x1097.jpg 768w, https:\/\/awpm.pt\/wp-content\/uploads\/2026\/04\/481272757_1065810772256175_8433362238024482366_n-8x12.jpg 8w, https:\/\/awpm.pt\/wp-content\/uploads\/2026\/04\/481272757_1065810772256175_8433362238024482366_n-600x857.jpg 600w, https:\/\/awpm.pt\/wp-content\/uploads\/2026\/04\/481272757_1065810772256175_8433362238024482366_n.jpg 794w\" sizes=\"(max-width: 717px) 100vw, 717px\" \/><\/figure>\n\n\n\n<h3>PEDAGOGIA MUSICAL 1, A\u00e7\u00e3o de Forma\u00e7\u00e3o Creditada (6h) \u2013 Pedagogia Musical 1 \u2013 15 Abril 2023, 10,00 \u2013 17.00<\/h3>\n<\/div>\n<\/div>\n\n\n\n<div class=\"is-layout-flex wp-container-30 wp-block-columns\">\n<div class=\"is-layout-flow wp-block-column\">\n<figure class=\"wp-block-image size-large\"><img decoding=\"async\" width=\"717\" height=\"1024\" src=\"https:\/\/awpm.pt\/wp-content\/uploads\/2026\/04\/481806537_1065501855620400_1438072421748143734_n-717x1024.jpg\" alt=\"\" class=\"wp-image-1899\" srcset=\"https:\/\/awpm.pt\/wp-content\/uploads\/2026\/04\/481806537_1065501855620400_1438072421748143734_n-717x1024.jpg 717w, https:\/\/awpm.pt\/wp-content\/uploads\/2026\/04\/481806537_1065501855620400_1438072421748143734_n-210x300.jpg 210w, https:\/\/awpm.pt\/wp-content\/uploads\/2026\/04\/481806537_1065501855620400_1438072421748143734_n-768x1097.jpg 768w, https:\/\/awpm.pt\/wp-content\/uploads\/2026\/04\/481806537_1065501855620400_1438072421748143734_n-8x12.jpg 8w, https:\/\/awpm.pt\/wp-content\/uploads\/2026\/04\/481806537_1065501855620400_1438072421748143734_n-600x857.jpg 600w, https:\/\/awpm.pt\/wp-content\/uploads\/2026\/04\/481806537_1065501855620400_1438072421748143734_n.jpg 794w\" sizes=\"(max-width: 717px) 100vw, 717px\" \/><\/figure>\n\n\n\n<h3>A\u00c7\u00c3O DE FORMA\u00c7\u00c3O CERTIFICADA (6 horas) DAN\u00c7AS ANTIGAS<br>25 Mar\u00e7o de 2023<\/h3>\n<\/div>\n\n\n\n<div class=\"is-layout-flow wp-block-column\">\n<figure class=\"wp-block-image size-full\"><img decoding=\"async\" width=\"600\" height=\"857\" src=\"https:\/\/awpm.pt\/wp-content\/uploads\/2026\/03\/Acao-Pedagogia-Musical-1-18-25-Mar-23-600x857-1.jpg\" alt=\"\" class=\"wp-image-1842\" srcset=\"https:\/\/awpm.pt\/wp-content\/uploads\/2026\/03\/Acao-Pedagogia-Musical-1-18-25-Mar-23-600x857-1.jpg 600w, https:\/\/awpm.pt\/wp-content\/uploads\/2026\/03\/Acao-Pedagogia-Musical-1-18-25-Mar-23-600x857-1-210x300.jpg 210w, https:\/\/awpm.pt\/wp-content\/uploads\/2026\/03\/Acao-Pedagogia-Musical-1-18-25-Mar-23-600x857-1-8x12.jpg 8w\" sizes=\"(max-width: 600px) 100vw, 600px\" \/><\/figure>\n\n\n\n<h3>PEDAGOGIA MUSICAL 1, A\u00e7\u00e3o de Forma\u00e7\u00e3o Creditada (12h) \u2013 Pedagogia Musical 1 \u2013 M\u00fasica e Dan\u00e7a, 18 e 25 Mar\u00e7o 2023, 9,30 \u2013 18.00<\/h3>\n<\/div>\n\n\n\n<div class=\"is-layout-flow wp-block-column\">\n<figure class=\"wp-block-image size-full\"><img decoding=\"async\" width=\"600\" height=\"857\" src=\"https:\/\/awpm.pt\/wp-content\/uploads\/2026\/03\/Acao-Cancoes-de-Mimar-24Fev23-2-600x857-1.jpg\" alt=\"\" class=\"wp-image-1843\" srcset=\"https:\/\/awpm.pt\/wp-content\/uploads\/2026\/03\/Acao-Cancoes-de-Mimar-24Fev23-2-600x857-1.jpg 600w, https:\/\/awpm.pt\/wp-content\/uploads\/2026\/03\/Acao-Cancoes-de-Mimar-24Fev23-2-600x857-1-210x300.jpg 210w, https:\/\/awpm.pt\/wp-content\/uploads\/2026\/03\/Acao-Cancoes-de-Mimar-24Fev23-2-600x857-1-8x12.jpg 8w\" sizes=\"(max-width: 600px) 100vw, 600px\" \/><\/figure>\n\n\n\n<h3>CAN\u00c7\u00d5ES DE MIMAR, A\u00e7\u00e3o de Forma\u00e7\u00e3o Certificada \u2018Can\u00e7\u00f5es de Mimar\u2019 24 Fevereiro 2023, 18.00-21.00 (online)<\/h3>\n<\/div>\n\n\n\n<div class=\"is-layout-flow wp-block-column\">\n<figure class=\"wp-block-image size-full\"><img decoding=\"async\" width=\"600\" height=\"857\" src=\"https:\/\/awpm.pt\/wp-content\/uploads\/2026\/03\/8139AFD0-B92B-4DA5-80AC-34C695D60D17-600x857-1.jpeg\" alt=\"\" class=\"wp-image-1846\" srcset=\"https:\/\/awpm.pt\/wp-content\/uploads\/2026\/03\/8139AFD0-B92B-4DA5-80AC-34C695D60D17-600x857-1.jpeg 600w, https:\/\/awpm.pt\/wp-content\/uploads\/2026\/03\/8139AFD0-B92B-4DA5-80AC-34C695D60D17-600x857-1-210x300.jpeg 210w, https:\/\/awpm.pt\/wp-content\/uploads\/2026\/03\/8139AFD0-B92B-4DA5-80AC-34C695D60D17-600x857-1-8x12.jpeg 8w\" sizes=\"(max-width: 600px) 100vw, 600px\" \/><\/figure>\n\n\n\n<h3>AUDI\u00c7\u00c3O MUSICAL ACTIVA, A\u00e7\u00e3o de Forma\u00e7\u00e3o Certificada Audi\u00e7\u00e3o Musical Ativa<br>27 Janeiro 2023, 18.00-21.00 (online)<\/h3>\n<\/div>\n<\/div>\n\n\n\n<div class=\"is-layout-flex wp-container-35 wp-block-columns\">\n<div class=\"is-layout-flow wp-block-column\">\n<figure class=\"wp-block-image size-large\"><img decoding=\"async\" width=\"717\" height=\"1024\" src=\"https:\/\/awpm.pt\/wp-content\/uploads\/2026\/04\/481155513_1058545576316028_6517725778637195221_n-717x1024.jpg\" alt=\"\" class=\"wp-image-1900\" srcset=\"https:\/\/awpm.pt\/wp-content\/uploads\/2026\/04\/481155513_1058545576316028_6517725778637195221_n-717x1024.jpg 717w, https:\/\/awpm.pt\/wp-content\/uploads\/2026\/04\/481155513_1058545576316028_6517725778637195221_n-210x300.jpg 210w, https:\/\/awpm.pt\/wp-content\/uploads\/2026\/04\/481155513_1058545576316028_6517725778637195221_n-768x1097.jpg 768w, https:\/\/awpm.pt\/wp-content\/uploads\/2026\/04\/481155513_1058545576316028_6517725778637195221_n-8x12.jpg 8w, https:\/\/awpm.pt\/wp-content\/uploads\/2026\/04\/481155513_1058545576316028_6517725778637195221_n-600x857.jpg 600w, https:\/\/awpm.pt\/wp-content\/uploads\/2026\/04\/481155513_1058545576316028_6517725778637195221_n.jpg 794w\" sizes=\"(max-width: 717px) 100vw, 717px\" \/><\/figure>\n\n\n\n<h3>A\u00e7\u00e3o de Forma\u00e7\u00e3o certificada CANTAR O NATAL \u2013 2 Dezembro 2022, 18.00-21.00 (online)<\/h3>\n<\/div>\n\n\n\n<div class=\"is-layout-flow wp-block-column\">\n<figure class=\"wp-block-image size-full\"><img decoding=\"async\" width=\"718\" height=\"945\" src=\"https:\/\/awpm.pt\/wp-content\/uploads\/2026\/04\/480591715_1055433863293866_7429870817327235788_n.jpg\" alt=\"\" class=\"wp-image-1901\" srcset=\"https:\/\/awpm.pt\/wp-content\/uploads\/2026\/04\/480591715_1055433863293866_7429870817327235788_n.jpg 718w, https:\/\/awpm.pt\/wp-content\/uploads\/2026\/04\/480591715_1055433863293866_7429870817327235788_n-228x300.jpg 228w, https:\/\/awpm.pt\/wp-content\/uploads\/2026\/04\/480591715_1055433863293866_7429870817327235788_n-9x12.jpg 9w, https:\/\/awpm.pt\/wp-content\/uploads\/2026\/04\/480591715_1055433863293866_7429870817327235788_n-600x790.jpg 600w\" sizes=\"(max-width: 718px) 100vw, 718px\" \/><\/figure>\n\n\n\n<h3>A\u00c7\u00c3O DE FORMA\u00c7\u00c3O CREDITADA (12 horas) Cantar, Tocar, Dan\u00e7ar \u2013 19 e 26 Novembro 2022<\/h3>\n<\/div>\n\n\n\n<div class=\"is-layout-flow wp-block-column\">\n<figure class=\"wp-block-image size-full\"><img decoding=\"async\" width=\"301\" height=\"430\" src=\"https:\/\/awpm.pt\/wp-content\/uploads\/2026\/04\/curso1.jpg\" alt=\"\" class=\"wp-image-1881\" srcset=\"https:\/\/awpm.pt\/wp-content\/uploads\/2026\/04\/curso1.jpg 301w, https:\/\/awpm.pt\/wp-content\/uploads\/2026\/04\/curso1-210x300.jpg 210w, https:\/\/awpm.pt\/wp-content\/uploads\/2026\/04\/curso1-8x12.jpg 8w\" sizes=\"(max-width: 301px) 100vw, 301px\" \/><\/figure>\n\n\n\n<h3>CAN\u00c7\u00d5ES DE MIMAR, AWPM comemora os seus 30 anos! 11 Mar\u00e7o 2022, 14.00-18.00 (online)<\/h3>\n<\/div>\n\n\n\n<div class=\"is-layout-flow wp-block-column\">\n<figure class=\"wp-block-image size-large\"><img decoding=\"async\" width=\"717\" height=\"1024\" src=\"https:\/\/awpm.pt\/wp-content\/uploads\/2026\/04\/476816946_9127807857304731_7079393215891944718_n-717x1024.jpg\" alt=\"\" class=\"wp-image-1902\" srcset=\"https:\/\/awpm.pt\/wp-content\/uploads\/2026\/04\/476816946_9127807857304731_7079393215891944718_n-717x1024.jpg 717w, https:\/\/awpm.pt\/wp-content\/uploads\/2026\/04\/476816946_9127807857304731_7079393215891944718_n-210x300.jpg 210w, https:\/\/awpm.pt\/wp-content\/uploads\/2026\/04\/476816946_9127807857304731_7079393215891944718_n-768x1097.jpg 768w, https:\/\/awpm.pt\/wp-content\/uploads\/2026\/04\/476816946_9127807857304731_7079393215891944718_n-8x12.jpg 8w, https:\/\/awpm.pt\/wp-content\/uploads\/2026\/04\/476816946_9127807857304731_7079393215891944718_n-600x857.jpg 600w, https:\/\/awpm.pt\/wp-content\/uploads\/2026\/04\/476816946_9127807857304731_7079393215891944718_n.jpg 794w\" sizes=\"(max-width: 717px) 100vw, 717px\" \/><\/figure>\n\n\n\n<h3>A\u00e7\u00e3o de Forma\u00e7\u00e3o online AUDI\u00c7\u00c3O MUSICAL ATIVA \u2013 28 Jan. 2022<\/h3>\n<\/div>\n<\/div>\n\n\n\n<div class=\"is-layout-flex wp-container-40 wp-block-columns\">\n<div class=\"is-layout-flow wp-block-column\">\n<figure class=\"wp-block-image size-large\"><img decoding=\"async\" width=\"717\" height=\"1024\" src=\"https:\/\/awpm.pt\/wp-content\/uploads\/2026\/04\/474490832_9028251247260393_5503454575759898297_n-717x1024.jpg\" alt=\"\" class=\"wp-image-1903\" srcset=\"https:\/\/awpm.pt\/wp-content\/uploads\/2026\/04\/474490832_9028251247260393_5503454575759898297_n-717x1024.jpg 717w, https:\/\/awpm.pt\/wp-content\/uploads\/2026\/04\/474490832_9028251247260393_5503454575759898297_n-210x300.jpg 210w, https:\/\/awpm.pt\/wp-content\/uploads\/2026\/04\/474490832_9028251247260393_5503454575759898297_n-768x1097.jpg 768w, https:\/\/awpm.pt\/wp-content\/uploads\/2026\/04\/474490832_9028251247260393_5503454575759898297_n-8x12.jpg 8w, https:\/\/awpm.pt\/wp-content\/uploads\/2026\/04\/474490832_9028251247260393_5503454575759898297_n-600x857.jpg 600w, https:\/\/awpm.pt\/wp-content\/uploads\/2026\/04\/474490832_9028251247260393_5503454575759898297_n.jpg 794w\" sizes=\"(max-width: 717px) 100vw, 717px\" \/><\/figure>\n\n\n\n<h3>Forma\u00e7\u00e3o CANTAR O NATAL<\/h3>\n<\/div>\n\n\n\n<div class=\"is-layout-flow wp-block-column\">\n<figure class=\"wp-block-image size-full\"><img decoding=\"async\" width=\"718\" height=\"945\" src=\"https:\/\/awpm.pt\/wp-content\/uploads\/2026\/04\/473990746_9003845396367645_4560056094803645151_n.jpg\" alt=\"\" class=\"wp-image-1904\" srcset=\"https:\/\/awpm.pt\/wp-content\/uploads\/2026\/04\/473990746_9003845396367645_4560056094803645151_n.jpg 718w, https:\/\/awpm.pt\/wp-content\/uploads\/2026\/04\/473990746_9003845396367645_4560056094803645151_n-228x300.jpg 228w, https:\/\/awpm.pt\/wp-content\/uploads\/2026\/04\/473990746_9003845396367645_4560056094803645151_n-9x12.jpg 9w, https:\/\/awpm.pt\/wp-content\/uploads\/2026\/04\/473990746_9003845396367645_4560056094803645151_n-600x790.jpg 600w\" sizes=\"(max-width: 718px) 100vw, 718px\" \/><\/figure>\n\n\n\n<h3>A\u00e7\u00e3o online Musicar com Crian\u00e7as &#8211; 23 e 30 Outubro 2021<\/h3>\n<\/div>\n\n\n\n<div class=\"is-layout-flow wp-block-column\">\n<figure class=\"wp-block-image size-full\"><img decoding=\"async\" width=\"718\" height=\"945\" src=\"https:\/\/awpm.pt\/wp-content\/uploads\/2026\/04\/156692571_3748468825238688_3000703964484554666_n.jpg\" alt=\"\" class=\"wp-image-1905\" srcset=\"https:\/\/awpm.pt\/wp-content\/uploads\/2026\/04\/156692571_3748468825238688_3000703964484554666_n.jpg 718w, https:\/\/awpm.pt\/wp-content\/uploads\/2026\/04\/156692571_3748468825238688_3000703964484554666_n-228x300.jpg 228w, https:\/\/awpm.pt\/wp-content\/uploads\/2026\/04\/156692571_3748468825238688_3000703964484554666_n-9x12.jpg 9w, https:\/\/awpm.pt\/wp-content\/uploads\/2026\/04\/156692571_3748468825238688_3000703964484554666_n-600x790.jpg 600w\" sizes=\"(max-width: 718px) 100vw, 718px\" \/><\/figure>\n\n\n\n<h3>A\u00e7\u00e3o online Musicar com Crian\u00e7as &#8211; 13 e 20 Mar\u00e7o 2021<\/h3>\n<\/div>\n\n\n\n<div class=\"is-layout-flow wp-block-column\">\n<figure class=\"wp-block-image size-large\"><img decoding=\"async\" width=\"717\" height=\"1024\" src=\"https:\/\/awpm.pt\/wp-content\/uploads\/2026\/04\/141295269_3639769432775295_3187199475076152942_n-717x1024.jpg\" alt=\"\" class=\"wp-image-1906\" srcset=\"https:\/\/awpm.pt\/wp-content\/uploads\/2026\/04\/141295269_3639769432775295_3187199475076152942_n-717x1024.jpg 717w, https:\/\/awpm.pt\/wp-content\/uploads\/2026\/04\/141295269_3639769432775295_3187199475076152942_n-210x300.jpg 210w, https:\/\/awpm.pt\/wp-content\/uploads\/2026\/04\/141295269_3639769432775295_3187199475076152942_n-768x1097.jpg 768w, https:\/\/awpm.pt\/wp-content\/uploads\/2026\/04\/141295269_3639769432775295_3187199475076152942_n-8x12.jpg 8w, https:\/\/awpm.pt\/wp-content\/uploads\/2026\/04\/141295269_3639769432775295_3187199475076152942_n-600x857.jpg 600w, https:\/\/awpm.pt\/wp-content\/uploads\/2026\/04\/141295269_3639769432775295_3187199475076152942_n.jpg 794w\" sizes=\"(max-width: 717px) 100vw, 717px\" \/><\/figure>\n\n\n\n<h3>A\u00e7\u00e3o online Audi\u00e7\u00e3o Musical Activa &#8211; 30 Janeiro 2021<\/h3>\n<\/div>\n<\/div>","protected":false},"excerpt":{"rendered":"<p>NOVIDADE DAN\u00c7AS TRADICIONAIS PORTUGUESAS &#8211; 18 abril, 10.00-17.30A\u00e7\u00e3o de forma\u00e7\u00e3o de curta dura\u00e7\u00e3o presencial, por Diana Azevedo Grupos docentes 250, 610, M 01-32, D01, 260, 620, 100, 110, 150, 160.professores da AEC M\u00fasica, animadores musicaisInscri\u00e7\u00f5es at\u00e9 15 de abril em PROFESORES COMPOSITORES &#8211; Arranjos de ensino da m\u00fasica &#8211; A\u00e7\u00e3o Presencial Certificada de Curta Dura\u00e7\u00e3o [&hellip;]<\/p>","protected":false},"author":1,"featured_media":0,"parent":0,"menu_order":0,"comment_status":"closed","ping_status":"closed","template":"","meta":[],"acf":[],"_links":{"self":[{"href":"https:\/\/awpm.pt\/en\/wp-json\/wp\/v2\/pages\/1796"}],"collection":[{"href":"https:\/\/awpm.pt\/en\/wp-json\/wp\/v2\/pages"}],"about":[{"href":"https:\/\/awpm.pt\/en\/wp-json\/wp\/v2\/types\/page"}],"author":[{"embeddable":true,"href":"https:\/\/awpm.pt\/en\/wp-json\/wp\/v2\/users\/1"}],"replies":[{"embeddable":true,"href":"https:\/\/awpm.pt\/en\/wp-json\/wp\/v2\/comments?post=1796"}],"version-history":[{"count":30,"href":"https:\/\/awpm.pt\/en\/wp-json\/wp\/v2\/pages\/1796\/revisions"}],"predecessor-version":[{"id":1907,"href":"https:\/\/awpm.pt\/en\/wp-json\/wp\/v2\/pages\/1796\/revisions\/1907"}],"wp:attachment":[{"href":"https:\/\/awpm.pt\/en\/wp-json\/wp\/v2\/media?parent=1796"}],"curies":[{"name":"wp","href":"https:\/\/api.w.org\/{rel}","templated":true}]}}